{"id":12976,"date":"2023-10-05T15:45:05","date_gmt":"2023-10-05T13:45:05","guid":{"rendered":"https:\/\/llshs.univ-paris13.fr\/?page_id=12976"},"modified":"2025-12-01T17:02:13","modified_gmt":"2025-12-01T16:02:13","slug":"du-violences-intrafamiliales","status":"publish","type":"page","link":"https:\/\/llshs.univ-paris13.fr\/en\/formation-continue\/formations-diplomantes\/du-violences-intrafamiliales\/","title":{"rendered":"DU Violences intrafamiliales : soin, justice, \u00e9ducation"},"content":{"rendered":"<div data-elementor-type=\"wp-page\" data-elementor-id=\"12976\" class=\"elementor elementor-12976\">\n\t\t\t\t\t\t\t<div class=\"elementor-element elementor-element-b1c4f7d e-flex e-con-boxed e-con e-parent\" data-id=\"b1c4f7d\" data-element_type=\"container\" data-settings=\"{&quot;background_background&quot;:&quot;classic&quot;,&quot;content_width&quot;:&quot;boxed&quot;,&quot;_ha_eqh_enable&quot;:false}\" data-core-v316-plus=\"true\">\n\t\t\t\t\t<div class=\"e-con-inner\">\n\t\t\t\t\t<\/div>\n\t\t\t\t<\/div>\n\t\t<div class=\"elementor-element elementor-element-847ac80 e-flex e-con-boxed e-con e-parent\" data-id=\"847ac80\" data-element_type=\"container\" data-settings=\"{&quot;content_width&quot;:&quot;boxed&quot;,&quot;_ha_eqh_enable&quot;:false}\" data-core-v316-plus=\"true\">\n\t\t\t\t\t<div class=\"e-con-inner\">\n\t\t<div class=\"elementor-element elementor-element-ca1ade6 e-con-full e-flex e-con e-child\" data-id=\"ca1ade6\" data-element_type=\"container\" data-settings=\"{&quot;content_width&quot;:&quot;full&quot;,&quot;_ha_eqh_enable&quot;:false}\">\n\t\t\t\t<div class=\"elementor-element elementor-element-321c12a elementor-widget elementor-widget-heading\" data-id=\"321c12a\" data-element_type=\"widget\" data-widget_type=\"heading.default\">\n\t\t\t\t<div class=\"elementor-widget-container\">\n\t\t\t<h1 class=\"elementor-heading-title elementor-size-large\">DU Violences intrafamiliales : soin, justice, \u00e9ducation<\/h1>\t\t<\/div>\n\t\t\t\t<\/div>\n\t\t\t\t<div class=\"elementor-element elementor-element-b0061de elementor-widget elementor-widget-heading\" data-id=\"b0061de\" data-element_type=\"widget\" data-widget_type=\"heading.default\">\n\t\t\t\t<div class=\"elementor-widget-container\">\n\t\t\t<h1 class=\"elementor-heading-title elementor-size-medium\">Dipl\u00f4me universitaire (DU)<\/h1>\t\t<\/div>\n\t\t\t\t<\/div>\n\t\t\t\t<div class=\"elementor-element elementor-element-e4c92ef elementor-widget elementor-widget-text-editor\" data-id=\"e4c92ef\" data-element_type=\"widget\" data-widget_type=\"text-editor.default\">\n\t\t\t\t<div class=\"elementor-widget-container\">\n\t\t\t\t\t\t\t<p>La formation propos\u00e9e dans le cadre du D.U Violences intrafamiliales est une cr\u00e9ation sp\u00e9cifique \u00e0 l\u2019universit\u00e9 Sorbonne Paris Nord et tr\u00e8s novatrice.<\/p>\t\t\t\t\t\t<\/div>\n\t\t\t\t<\/div>\n\t\t\t\t<\/div>\n\t\t<div class=\"elementor-element elementor-element-323851a e-con-full e-flex e-con e-child\" data-id=\"323851a\" data-element_type=\"container\" data-settings=\"{&quot;content_width&quot;:&quot;full&quot;,&quot;_ha_eqh_enable&quot;:false}\">\n\t\t\t\t<div class=\"elementor-element elementor-element-d26f698 elementor-widget elementor-widget-heading\" data-id=\"d26f698\" data-element_type=\"widget\" data-widget_type=\"heading.default\">\n\t\t\t\t<div class=\"elementor-widget-container\">\n\t\t\t<h3 class=\"elementor-heading-title elementor-size-large\">R\u00e9sum\u00e9 de la formation<\/h3>\t\t<\/div>\n\t\t\t\t<\/div>\n\t\t\t\t<div class=\"elementor-element elementor-element-6d5c0d3 elementor-widget elementor-widget-text-editor\" data-id=\"6d5c0d3\" data-element_type=\"widget\" data-widget_type=\"text-editor.default\">\n\t\t\t\t<div class=\"elementor-widget-container\">\n\t\t\t\t\t\t\t<p>\u25ba <strong>R\u00e9f\u00e9rentiel RNCP :<\/strong> NC<br \/><strong>\u25ba R\u00e9gime(s) d\u2019\u00e9tudes : <\/strong>Formation continue<br \/><strong>\u25ba Modalit\u00e9 d&rsquo;enseignement :<\/strong> Pr\u00e9sentiel<br \/><strong>\u25ba Lieu d&rsquo;enseignement :<\/strong> Campus condorcet<\/p>\t\t\t\t\t\t<\/div>\n\t\t\t\t<\/div>\n\t\t\t\t<\/div>\n\t\t\t\t\t<\/div>\n\t\t\t\t<\/div>\n\t\t<div class=\"elementor-element elementor-element-138ae68 e-flex e-con-boxed e-con e-parent\" data-id=\"138ae68\" data-element_type=\"container\" data-settings=\"{&quot;background_background&quot;:&quot;classic&quot;,&quot;content_width&quot;:&quot;boxed&quot;,&quot;_ha_eqh_enable&quot;:false}\" data-core-v316-plus=\"true\">\n\t\t\t\t\t<div class=\"e-con-inner\">\n\t\t<div class=\"elementor-element elementor-element-9b97469 e-con-full e-flex e-con e-child\" data-id=\"9b97469\" data-element_type=\"container\" data-settings=\"{&quot;content_width&quot;:&quot;full&quot;,&quot;_ha_eqh_enable&quot;:false}\">\n\t\t\t\t<div class=\"elementor-element elementor-element-f6e7d92 elementor-widget elementor-widget-text-editor\" data-id=\"f6e7d92\" data-element_type=\"widget\" data-widget_type=\"text-editor.default\">\n\t\t\t\t<div class=\"elementor-widget-container\">\n\t\t\t\t\t\t\t<p>Ce D.U. a un <strong>triple objectif<\/strong> :<\/p><p>\u25b6 Exercer les professionnels concern\u00e9s \u00e0 l\u2019approche pluridisciplinaire n\u00e9cessaire, \u00e0 la fois par des pr\u00e9sentations et analyses issues des diff\u00e9rentes pratiques ; par une int\u00e9gration durant toute la formation dans un groupe de stagiaires constitu\u00e9 de ces m\u00e9tiers ; et par une immersion en stage durant les deux jours du dernier module par petits groupes de quatre stagiaires dans quatre institutions repr\u00e9sentatives des champs d\u2019action et de pr\u00e9vention contre les violences intrafamiliales : Unit\u00e9s de soins &#8211; Tribunal &#8211; Commissariat &#8211; Association \u0153uvrant aupr\u00e8s d\u2019enfants plac\u00e9s.<\/p><p>\u25b6 Permettre de constituer des liens interprofessionnels \u00e0 des fins de recherche dans le domaine de la pr\u00e9vention. Les colloques des ann\u00e9es ult\u00e9rieures pourront rassembler les diff\u00e9rentes promotions.<\/p><p>\u25b6 Mettre \u00e0 disposition des diff\u00e9rents professionnels en exercice sur ce terrain les connaissances et outils n\u00e9cessaires dans l\u2019accompagnement, l\u2019expertise et la pr\u00e9vention des violences intrafamiliales.<\/p>\t\t\t\t\t\t<\/div>\n\t\t\t\t<\/div>\n\t\t\t\t<div class=\"elementor-element elementor-element-97d12d5 elementor-tabs-view-vertical elementor-widget elementor-widget-tabs\" data-id=\"97d12d5\" data-element_type=\"widget\" data-widget_type=\"tabs.default\">\n\t\t\t\t<div class=\"elementor-widget-container\">\n\t\t\t\t\t<div class=\"elementor-tabs\">\n\t\t\t<div class=\"elementor-tabs-wrapper\" role=\"tablist\" >\n\t\t\t\t\t\t\t\t\t<div id=\"elementor-tab-title-1591\" class=\"elementor-tab-title elementor-tab-desktop-title\" aria-selected=\"true\" data-tab=\"1\" role=\"tab\" tabindex=\"0\" aria-controls=\"elementor-tab-content-1591\" aria-expanded=\"false\">Programme 2025 (sous r\u00e9serve)<\/div>\n\t\t\t\t\t\t\t\t\t<div id=\"elementor-tab-title-1592\" class=\"elementor-tab-title elementor-tab-desktop-title\" aria-selected=\"false\" data-tab=\"2\" role=\"tab\" tabindex=\"-1\" aria-controls=\"elementor-tab-content-1592\" aria-expanded=\"false\">Admission<\/div>\n\t\t\t\t\t\t\t\t\t<div id=\"elementor-tab-title-1593\" class=\"elementor-tab-title elementor-tab-desktop-title\" aria-selected=\"false\" data-tab=\"3\" role=\"tab\" tabindex=\"-1\" aria-controls=\"elementor-tab-content-1593\" aria-expanded=\"false\">Tarifs<\/div>\n\t\t\t\t\t\t\t<\/div>\n\t\t\t<div class=\"elementor-tabs-content-wrapper\" role=\"tablist\" aria-orientation=\"vertical\">\n\t\t\t\t\t\t\t\t\t<div class=\"elementor-tab-title elementor-tab-mobile-title\" aria-selected=\"true\" data-tab=\"1\" role=\"tab\" tabindex=\"0\" aria-controls=\"elementor-tab-content-1591\" aria-expanded=\"false\">Programme 2025 (sous r\u00e9serve)<\/div>\n\t\t\t\t\t<div id=\"elementor-tab-content-1591\" class=\"elementor-tab-content elementor-clearfix\" data-tab=\"1\" role=\"tabpanel\" aria-labelledby=\"elementor-tab-title-1591\" tabindex=\"0\" hidden=\"false\"><p><strong>\u25b6<\/strong> <a href=\"https:\/\/llshs.univ-paris13.fr\/wp-content\/uploads\/PROG-DU_VIOLENCES_INTRAFAMILIALES.pdf\" target=\"_blank\" rel=\"noopener\"><strong>T\u00e9l\u00e9charger le programme d\u00e9taill\u00e9<\/strong><\/a><\/p><h5><strong>17-18 janvier<\/strong><\/h5><p><strong>\u25b6 Module 1 : <\/strong><strong>Protection infantile : Introduction, encadrement juridique, protection<br \/><\/strong><\/p><p><span style=\"text-decoration: underline;\">Intervenants :<\/span> 1 magistrat, 1 officier de gendarmerie, 1 repr\u00e9sentant d\u2019une cellule de recueil des informations pr\u00e9occupantes (CRIP)<\/p><h5><strong>7-8 f\u00e9vrier<br \/><\/strong><\/h5><p><strong>\u25b6 Module 2 : <\/strong><strong>Traumatismes enfants : violences physiques, psychologiques, sexuelles, par carence, inceste.<\/strong><\/p><p><span style=\"text-decoration: underline;\">Intervenants :<\/span> Enseignants-chercheurs, m\u00e9decin de l\u2019Unit\u00e9 m\u00e9dico-judiciaire (UMJ), p\u00e9dopsychiatre, associatif<\/p><h5><strong>14-15 mars<br \/><\/strong><\/h5><p><strong>\u25b6 Module 3 : <\/strong><strong>Placements, s\u00e9parations, pr\u00e9carit\u00e9s dans l\u2019enfance<\/strong><\/p><p><span style=\"text-decoration: underline;\">Intervenants :<\/span> M\u00e9decin, psychologue, magistrat<\/p><h5><strong>4-5 avril<br \/><\/strong><\/h5><p><strong>\u25b6 Module 4 : <\/strong><strong>Violences conjugales<\/strong><\/p><p><span style=\"text-decoration: underline;\">Intervenants :<\/span> Enseignant-chercheur, m\u00e9decin, psychiatre, psychologue<\/p><h5><strong>16-17 mai<\/strong><\/h5><p><strong>\u25b6 Module 5 : <\/strong><strong>Violences dans la p\u00e9rinatalit\u00e9 : expertises, prises en charge et pr\u00e9vention<\/strong><\/p><p><span style=\"text-decoration: underline;\">Intervenants :<\/span> Maison des femmes, sage femme, m\u00e9decin<\/p><h5><strong>20-21 juin<br \/><\/strong><\/h5><p><strong>\u25b6 Module 6 : <\/strong><strong>Adultes : pr\u00e9carit\u00e9s : exploitations, r\u00e9seaux, mutilations sexuelles<\/strong><\/p><p><span style=\"text-decoration: underline;\">Intervenants :<\/span> Magistrat, gyn\u00e9cologue, associations<\/p><h5><strong>12-13 septembre<br \/><\/strong><\/h5><p><strong>\u25b6 Module 7 : <\/strong><strong>Emprise, contr\u00f4le coercitif<\/strong><\/p><p><span style=\"text-decoration: underline;\">Intervenants :<\/span> Juriste p\u00e9naliste, psychologues, m\u00e9decin, chercheurs, avocat, juriste<\/p><h5><strong>10-11 octobre<br \/><\/strong><\/h5><p><strong>\u25b6 Module 8 : <\/strong><strong>Institutions et environnement : M\u00e9diations, ressources<\/strong><\/p><p><span style=\"text-decoration: underline;\">Intervenants :<\/span> Psychologues, chercheurs, associatif<\/p><h5><strong>14-15 novembre<br \/><\/strong><\/h5><p><strong>\u25b6 Module 9 : <\/strong><strong>Immersion dans des institutions <\/strong><strong>pour chaque stagiaire <\/strong>(en bin\u00f4me ou groupe de 4 ) :<\/p><ul><li>\u00bd journ\u00e9e USAP Trauma CHI Ballanger et services hospitalier du GHT<\/li><li>\u00bd journ\u00e9e Tribunal de Bobigny (sous r\u00e9serve)<\/li><li>\u00bd journ\u00e9e permanence de police dans un commissariat de la D.T.S.P. de Seine Saint Denis<\/li><li>\u00bd journ\u00e9e AHUEFA<\/li><\/ul><h5><strong>12-13 d\u00e9cembre<br \/><\/strong><\/h5><p><strong>\u25b6 Module 10 : <\/strong><strong>Pr\u00e9sentation et discussion des travaux des stagiaires<\/strong> :<\/p><p>1 journ\u00e9e en s\u00e9minaire et 1 journ\u00e9e en colloque<\/p><\/div>\n\t\t\t\t\t\t\t\t\t<div class=\"elementor-tab-title elementor-tab-mobile-title\" aria-selected=\"false\" data-tab=\"2\" role=\"tab\" tabindex=\"-1\" aria-controls=\"elementor-tab-content-1592\" aria-expanded=\"false\">Admission<\/div>\n\t\t\t\t\t<div id=\"elementor-tab-content-1592\" class=\"elementor-tab-content elementor-clearfix\" data-tab=\"2\" role=\"tabpanel\" aria-labelledby=\"elementor-tab-title-1592\" tabindex=\"0\" hidden=\"hidden\"><p>Admission sur dossier (CV, lettre de motivation) et entretien avec les responsables p\u00e9dagogiques.<\/p><p><strong>Public admis \u00e0 s\u2019inscrire :<\/strong> professionnels de sant\u00e9 (m\u00e9decins, sage-femmes etc.), psychologues, \u00e9ducateurs, assistants de travail social, policiers, magistrats, avocats, juristes, cadres des minist\u00e8res et des administrations territoriales, \u00e9lus.<\/p><p><strong>Niveau de dipl\u00f4me requis :<\/strong> Niveau Bac+3 valid\u00e9 ou exp\u00e9rience professionnelle \u00e9quivalente, pratique professionnelle dans le champ de la pr\u00e9vention, de la protection ou du suivi, dans le soin, l\u2019accompagnement psycho-\u00e9ducatif, ou la judiciarisation.<\/p><\/div>\n\t\t\t\t\t\t\t\t\t<div class=\"elementor-tab-title elementor-tab-mobile-title\" aria-selected=\"false\" data-tab=\"3\" role=\"tab\" tabindex=\"-1\" aria-controls=\"elementor-tab-content-1593\" aria-expanded=\"false\">Tarifs<\/div>\n\t\t\t\t\t<div id=\"elementor-tab-content-1593\" class=\"elementor-tab-content elementor-clearfix\" data-tab=\"3\" role=\"tabpanel\" aria-labelledby=\"elementor-tab-title-1593\" tabindex=\"0\" hidden=\"hidden\"><p><strong>Frais de la formation :<\/strong> 3 080\u20ac<\/p><p><strong>Droits d\u2019inscription :<\/strong> 243\u20ac (acc\u00e8s aux biblioth\u00e8ques USPN et \u00e0 la documentation \u00e0 distance sur intranet)<\/p><p><em>Se rapprocher des DRH pour une prise en charge totale ou partielle<\/em><\/p><\/div>\n\t\t\t\t\t\t\t<\/div>\n\t\t<\/div>\n\t\t\t\t<\/div>\n\t\t\t\t<\/div>\n\t\t\t\t<\/div>\n\t\t<div class=\"elementor-element elementor-element-c0fe20c e-con-full e-flex e-con e-child\" data-id=\"c0fe20c\" data-element_type=\"container\" data-settings=\"{&quot;content_width&quot;:&quot;full&quot;,&quot;background_background&quot;:&quot;classic&quot;,&quot;_ha_eqh_enable&quot;:false}\">\n\t\t\t\t<div class=\"elementor-element elementor-element-938bf2b elementor-widget elementor-widget-heading\" data-id=\"938bf2b\" data-element_type=\"widget\" data-widget_type=\"heading.default\">\n\t\t\t\t<div class=\"elementor-widget-container\">\n\t\t\t<h5 class=\"elementor-heading-title elementor-size-medium\">Candidatures<\/h5>\t\t<\/div>\n\t\t\t\t<\/div>\n\t\t\t\t<div class=\"elementor-element elementor-element-72846aa elementor-widget elementor-widget-text-editor\" data-id=\"72846aa\" data-element_type=\"widget\" data-widget_type=\"text-editor.default\">\n\t\t\t\t<div class=\"elementor-widget-container\">\n\t\t\t\t\t\t\t<p>du 28\/04\/2025 au 16\/10\/2025<\/p>\t\t\t\t\t\t<\/div>\n\t\t\t\t<\/div>\n\t\t\t\t<div class=\"elementor-element elementor-element-be8c28f elementor-position-left elementor-vertical-align-middle elementor-view-default elementor-mobile-position-top elementor-widget elementor-widget-icon-box\" data-id=\"be8c28f\" data-element_type=\"widget\" data-widget_type=\"icon-box.default\">\n\t\t\t\t<div class=\"elementor-widget-container\">\n\t\t\t\t\t<div class=\"elementor-icon-box-wrapper\">\n\t\t\t\t\t\t<div class=\"elementor-icon-box-icon\">\n\t\t\t\t<a href=\"https:\/\/ecandidat.univ-paris13.fr\/ecandidat\/\" class=\"elementor-icon elementor-animation-\" tabindex=\"-1\">\n\t\t\t\t<i aria-hidden=\"true\" class=\"fas fa-link\"><\/i>\t\t\t\t<\/a>\n\t\t\t<\/div>\n\t\t\t\t\t\t<div class=\"elementor-icon-box-content\">\n\t\t\t\t<p class=\"elementor-icon-box-title\">\n\t\t\t\t\t<a href=\"https:\/\/ecandidat.univ-paris13.fr\/ecandidat\/\" >\n\t\t\t\t\t\tPortail de candidatures\t\t\t\t\t<\/a>\n\t\t\t\t<\/p>\n\t\t\t\t\t\t\t<\/div>\n\t\t<\/div>\n\t\t\t\t<\/div>\n\t\t\t\t<\/div>\n\t\t\t\t<div class=\"elementor-element elementor-element-7c62688 elementor-position-left elementor-vertical-align-middle elementor-view-default elementor-mobile-position-top elementor-widget elementor-widget-icon-box\" data-id=\"7c62688\" data-element_type=\"widget\" data-widget_type=\"icon-box.default\">\n\t\t\t\t<div class=\"elementor-widget-container\">\n\t\t\t\t\t<div class=\"elementor-icon-box-wrapper\">\n\t\t\t\t\t\t<div class=\"elementor-icon-box-icon\">\n\t\t\t\t<a href=\"https:\/\/llshs.univ-paris13.fr\/wp-content\/uploads\/eCandidat_guide_candidats_USPN.pdf\" class=\"elementor-icon elementor-animation-\" tabindex=\"-1\">\n\t\t\t\t<i aria-hidden=\"true\" class=\"hm hm-pdf2\"><\/i>\t\t\t\t<\/a>\n\t\t\t<\/div>\n\t\t\t\t\t\t<div class=\"elementor-icon-box-content\">\n\t\t\t\t<p class=\"elementor-icon-box-title\">\n\t\t\t\t\t<a href=\"https:\/\/llshs.univ-paris13.fr\/wp-content\/uploads\/eCandidat_guide_candidats_USPN.pdf\" >\n\t\t\t\t\t\tGuide de candidature\t\t\t\t\t<\/a>\n\t\t\t\t<\/p>\n\t\t\t\t\t\t\t<\/div>\n\t\t<\/div>\n\t\t\t\t<\/div>\n\t\t\t\t<\/div>\n\t\t\t\t<div class=\"elementor-element elementor-element-484e993 elementor-widget elementor-widget-heading\" data-id=\"484e993\" data-element_type=\"widget\" data-widget_type=\"heading.default\">\n\t\t\t\t<div class=\"elementor-widget-container\">\n\t\t\t<h5 class=\"elementor-heading-title elementor-size-medium\">Contacts<\/h5>\t\t<\/div>\n\t\t\t\t<\/div>\n\t\t\t\t<div class=\"elementor-element elementor-element-0b8a0be elementor-widget elementor-widget-heading\" data-id=\"0b8a0be\" data-element_type=\"widget\" data-widget_type=\"heading.default\">\n\t\t\t\t<div class=\"elementor-widget-container\">\n\t\t\t<h5 class=\"elementor-heading-title elementor-size-medium\">Responsables p\u00e9dagogique<\/h5>\t\t<\/div>\n\t\t\t\t<\/div>\n\t\t\t\t<div class=\"elementor-element elementor-element-1c47f0b elementor-widget elementor-widget-text-editor\" data-id=\"1c47f0b\" data-element_type=\"widget\" data-widget_type=\"text-editor.default\">\n\t\t\t\t<div class=\"elementor-widget-container\">\n\t\t\t\t\t\t\t<p>Fatima LE GRIGUER, GHT-GPNE<br \/>Gilbert COYER, UTRPP<\/p>\t\t\t\t\t\t<\/div>\n\t\t\t\t<\/div>\n\t\t\t\t<div class=\"elementor-element elementor-element-23ce231 elementor-widget elementor-widget-heading\" data-id=\"23ce231\" data-element_type=\"widget\" data-widget_type=\"heading.default\">\n\t\t\t\t<div class=\"elementor-widget-container\">\n\t\t\t<h5 class=\"elementor-heading-title elementor-size-medium\">Gestion p\u00e9dagogique<\/h5>\t\t<\/div>\n\t\t\t\t<\/div>\n\t\t\t\t<div class=\"elementor-element elementor-element-65eed86 elementor-position-left elementor-vertical-align-middle elementor-view-default elementor-mobile-position-top elementor-widget elementor-widget-icon-box\" data-id=\"65eed86\" data-element_type=\"widget\" data-widget_type=\"icon-box.default\">\n\t\t\t\t<div class=\"elementor-widget-container\">\n\t\t\t\t\t<div class=\"elementor-icon-box-wrapper\">\n\t\t\t\t\t\t<div class=\"elementor-icon-box-icon\">\n\t\t\t\t<span  class=\"elementor-icon elementor-animation-\">\n\t\t\t\t<i aria-hidden=\"true\" class=\"fas fa-user\"><\/i>\t\t\t\t<\/span>\n\t\t\t<\/div>\n\t\t\t\t\t\t<div class=\"elementor-icon-box-content\">\n\t\t\t\t<p class=\"elementor-icon-box-title\">\n\t\t\t\t\t<span  >\n\t\t\t\t\t\tMo\u00efsette Baniakina\t\t\t\t\t<\/span>\n\t\t\t\t<\/p>\n\t\t\t\t\t\t\t<\/div>\n\t\t<\/div>\n\t\t\t\t<\/div>\n\t\t\t\t<\/div>\n\t\t\t\t<div class=\"elementor-element elementor-element-b2b98be elementor-position-left elementor-vertical-align-middle elementor-view-default elementor-mobile-position-top elementor-widget elementor-widget-icon-box\" data-id=\"b2b98be\" data-element_type=\"widget\" data-widget_type=\"icon-box.default\">\n\t\t\t\t<div class=\"elementor-widget-container\">\n\t\t\t\t\t<div class=\"elementor-icon-box-wrapper\">\n\t\t\t\t\t\t<div class=\"elementor-icon-box-icon\">\n\t\t\t\t<span  class=\"elementor-icon elementor-animation-\">\n\t\t\t\t<i aria-hidden=\"true\" class=\"fas fa-phone-alt\"><\/i>\t\t\t\t<\/span>\n\t\t\t<\/div>\n\t\t\t\t\t\t<div class=\"elementor-icon-box-content\">\n\t\t\t\t<p class=\"elementor-icon-box-title\">\n\t\t\t\t\t<span  >\n\t\t\t\t\t\t+33 (0)1 49 40 20 61\t\t\t\t\t<\/span>\n\t\t\t\t<\/p>\n\t\t\t\t\t\t\t<\/div>\n\t\t<\/div>\n\t\t\t\t<\/div>\n\t\t\t\t<\/div>\n\t\t\t\t<div class=\"elementor-element elementor-element-42f53ca elementor-position-left elementor-vertical-align-middle elementor-view-default elementor-mobile-position-top elementor-widget elementor-widget-icon-box\" data-id=\"42f53ca\" data-element_type=\"widget\" data-widget_type=\"icon-box.default\">\n\t\t\t\t<div class=\"elementor-widget-container\">\n\t\t\t\t\t<div class=\"elementor-icon-box-wrapper\">\n\t\t\t\t\t\t<div class=\"elementor-icon-box-icon\">\n\t\t\t\t<a href=\"https:\/\/llshs.univ-paris13.fr\/en\/contacts-pedagogique\/?contact_pedagogique=31\" class=\"elementor-icon elementor-animation-\" tabindex=\"-1\">\n\t\t\t\t<i aria-hidden=\"true\" class=\"far fa-envelope\"><\/i>\t\t\t\t<\/a>\n\t\t\t<\/div>\n\t\t\t\t\t\t<div class=\"elementor-icon-box-content\">\n\t\t\t\t<p class=\"elementor-icon-box-title\">\n\t\t\t\t\t<a href=\"https:\/\/llshs.univ-paris13.fr\/en\/contacts-pedagogique\/?contact_pedagogique=31\" >\n\t\t\t\t\t\tEnvoyer un message\t\t\t\t\t<\/a>\n\t\t\t\t<\/p>\n\t\t\t\t\t\t\t<\/div>\n\t\t<\/div>\n\t\t\t\t<\/div>\n\t\t\t\t<\/div>\n\t\t\t\t<div class=\"elementor-element elementor-element-26c8831 elementor-widget elementor-widget-n-accordion\" data-id=\"26c8831\" data-element_type=\"widget\" data-settings=\"{&quot;default_state&quot;:&quot;all_collapsed&quot;,&quot;max_items_expended&quot;:&quot;one&quot;,&quot;n_accordion_animation_duration&quot;:{&quot;unit&quot;:&quot;ms&quot;,&quot;size&quot;:400,&quot;sizes&quot;:[]}}\" data-widget_type=\"nested-accordion.default\">\n\t\t\t\t<div class=\"elementor-widget-container\">\n\t\t\t\t\t<div class=\"e-n-accordion\" aria-label=\"Accordion. Open links with Enter or Space, close with Escape, and navigate with Arrow Keys\">\n\t\t\t\t\t\t<details id=\"e-n-accordion-item-4060\" class=\"e-n-accordion-item\" >\n\t\t\t\t<summary class=\"e-n-accordion-item-title\" data-accordion-index=\"1\" tabindex=\"0\" aria-expanded=\"false\" aria-controls=\"e-n-accordion-item-4060\" >\n\t\t\t\t\t<span class='e-n-accordion-item-title-header'><div class=\"e-n-accordion-item-title-text\"> Horaires d'accueil <\/div><\/span>\n\t\t\t\t\t\t\t<span class='e-n-accordion-item-title-icon'>\n\t\t\t<span class='e-opened' ><i aria-hidden=\"true\" class=\"fas fa-user-clock\"><\/i><\/span>\n\t\t\t<span class='e-closed'><i aria-hidden=\"true\" class=\"fas fa-user-clock\"><\/i><\/span>\n\t\t<\/span>\n\n\t\t\t\t\t\t<\/summary>\n\t\t\t\t<div role=\"region\" aria-labelledby=\"e-n-accordion-item-4060\" class=\"elementor-element elementor-element-1c560d7 e-con-full e-flex e-con e-child\" data-id=\"1c560d7\" data-element_type=\"container\" data-settings=\"{&quot;content_width&quot;:&quot;full&quot;,&quot;_ha_eqh_enable&quot;:false}\">\n\t\t\t\t<div class=\"elementor-element elementor-element-83cf280 elementor-widget elementor-widget-uael-business-hours\" data-id=\"83cf280\" data-element_type=\"widget\" data-settings=\"{&quot;section_bs_list_padding&quot;:{&quot;unit&quot;:&quot;px&quot;,&quot;top&quot;:&quot;&quot;,&quot;right&quot;:&quot;&quot;,&quot;bottom&quot;:&quot;&quot;,&quot;left&quot;:&quot;&quot;,&quot;isLinked&quot;:true},&quot;section_bs_list_padding_tablet&quot;:{&quot;unit&quot;:&quot;px&quot;,&quot;top&quot;:&quot;&quot;,&quot;right&quot;:&quot;&quot;,&quot;bottom&quot;:&quot;&quot;,&quot;left&quot;:&quot;&quot;,&quot;isLinked&quot;:true},&quot;section_bs_list_padding_mobile&quot;:{&quot;unit&quot;:&quot;px&quot;,&quot;top&quot;:&quot;&quot;,&quot;right&quot;:&quot;&quot;,&quot;bottom&quot;:&quot;&quot;,&quot;left&quot;:&quot;&quot;,&quot;isLinked&quot;:true}}\" data-widget_type=\"uael-business-hours.default\">\n\t\t\t\t<div class=\"elementor-widget-container\">\n\t\t\t\t<div class=\"uael-business-scheduler-box-wrapper\">\n\t\t\t<div class=\"uael-days\">\n\t\t\t\t\t\t\t<!-- CURRENT_ITEM div -->\n\t\t\t\t<div class=\"elementor-repeater-item-b090ba6 top-border-divider uael-highlight-background\">\n\t\t\t\t\t<div class=\"uael-inner\">\n\t\t\t\t\t\t<span class=\"heading-date uael-business-day-highlight\">\n\t\t\t\t\t\t\t<span >LUNDI<\/span>\n\t\t\t\t\t\t<\/span>\n\n\t\t\t\t\t\t<span class=\"heading-time uael-business-timing-highlight\">\n\t\t\t\t\t\t\t<span class=\"inner-heading-time\">\n\t\t\t\t\t\t\t\t<span >9:00 - 12:30 <br \/> 14:00 - 17:00<\/span>\n\t\t\t\t\t\t\t<\/span>\n\t\t\t\t\t\t<\/span>\n\t\t\t\t\t<\/div>\n\t\t\t\t<\/div>\n\t\t\t\t\t\t\t\t<!-- CURRENT_ITEM div -->\n\t\t\t\t<div class=\"elementor-repeater-item-c55c49a top-border-divider bs-background\">\n\t\t\t\t\t<div class=\"uael-inner uael-inner\">\n\t\t\t\t\t\t<span class=\"heading-date uael-business-day\">\n\t\t\t\t\t\t\t<span >MARDI<\/span>\n\t\t\t\t\t\t<\/span>\n\n\t\t\t\t\t\t<span class=\"heading-time uael-business-time\">\n\t\t\t\t\t\t\t<span class=\"inner-heading-time inner-heading-time\">\n\t\t\t\t\t\t\t\t<span >9:00 - 12:30 <br \/> 14:00 - 17:00<\/span>\n\t\t\t\t\t\t\t<\/span>\n\t\t\t\t\t\t<\/span>\n\t\t\t\t\t<\/div>\n\t\t\t\t<\/div>\n\t\t\t\t\t\t\t\t<!-- CURRENT_ITEM div -->\n\t\t\t\t<div class=\"elementor-repeater-item-44a0a6d top-border-divider bs-background\">\n\t\t\t\t\t<div class=\"uael-inner uael-inner uael-inner\">\n\t\t\t\t\t\t<span class=\"heading-date uael-business-day\">\n\t\t\t\t\t\t\t<span >MERCREDI<\/span>\n\t\t\t\t\t\t<\/span>\n\n\t\t\t\t\t\t<span class=\"heading-time uael-business-time\">\n\t\t\t\t\t\t\t<span class=\"inner-heading-time inner-heading-time inner-heading-time\">\n\t\t\t\t\t\t\t\t<span >En t\u00e9l\u00e9travail<\/span>\n\t\t\t\t\t\t\t<\/span>\n\t\t\t\t\t\t<\/span>\n\t\t\t\t\t<\/div>\n\t\t\t\t<\/div>\n\t\t\t\t\t\t\t\t<!-- CURRENT_ITEM div -->\n\t\t\t\t<div class=\"elementor-repeater-item-594aa90 top-border-divider bs-background\">\n\t\t\t\t\t<div class=\"uael-inner uael-inner uael-inner uael-inner\">\n\t\t\t\t\t\t<span class=\"heading-date uael-business-day\">\n\t\t\t\t\t\t\t<span >JEUDI<\/span>\n\t\t\t\t\t\t<\/span>\n\n\t\t\t\t\t\t<span class=\"heading-time uael-business-time\">\n\t\t\t\t\t\t\t<span class=\"inner-heading-time inner-heading-time inner-heading-time inner-heading-time\">\n\t\t\t\t\t\t\t\t<span >9:00 - 12:30 <br \/> 14:00 - 17:00<\/span>\n\t\t\t\t\t\t\t<\/span>\n\t\t\t\t\t\t<\/span>\n\t\t\t\t\t<\/div>\n\t\t\t\t<\/div>\n\t\t\t\t\t\t\t\t<!-- CURRENT_ITEM div -->\n\t\t\t\t<div class=\"elementor-repeater-item-5855206 top-border-divider uael-highlight-background\">\n\t\t\t\t\t<div class=\"uael-inner uael-inner uael-inner uael-inner uael-inner\">\n\t\t\t\t\t\t<span class=\"heading-date uael-business-day-highlight\">\n\t\t\t\t\t\t\t<span >VENDREDI<\/span>\n\t\t\t\t\t\t<\/span>\n\n\t\t\t\t\t\t<span class=\"heading-time uael-business-timing-highlight\">\n\t\t\t\t\t\t\t<span class=\"inner-heading-time inner-heading-time inner-heading-time inner-heading-time inner-heading-time\">\n\t\t\t\t\t\t\t\t<span >En t\u00e9l\u00e9travail<\/span>\n\t\t\t\t\t\t\t<\/span>\n\t\t\t\t\t\t<\/span>\n\t\t\t\t\t<\/div>\n\t\t\t\t<\/div>\n\t\t\t\t\t\t\t\t<!-- CURRENT_ITEM div -->\n\t\t\t\t<div class=\"elementor-repeater-item-6525bd4 top-border-divider uael-highlight-background\">\n\t\t\t\t\t<div class=\"uael-inner uael-inner uael-inner uael-inner uael-inner uael-inner\">\n\t\t\t\t\t\t<span class=\"heading-date uael-business-day-highlight\">\n\t\t\t\t\t\t\t<span >SAMEDI<\/span>\n\t\t\t\t\t\t<\/span>\n\n\t\t\t\t\t\t<span class=\"heading-time uael-business-timing-highlight\">\n\t\t\t\t\t\t\t<span class=\"inner-heading-time inner-heading-time inner-heading-time inner-heading-time inner-heading-time inner-heading-time\">\n\t\t\t\t\t\t\t\t<span >FERM\u00c9<\/span>\n\t\t\t\t\t\t\t<\/span>\n\t\t\t\t\t\t<\/span>\n\t\t\t\t\t<\/div>\n\t\t\t\t<\/div>\n\t\t\t\t\t\t<\/div>\n\t\t<\/div>\n\t\t\t<\/div>\n\t\t\t\t<\/div>\n\t\t\t\t<\/div>\n\t\t\t\t\t<\/details>\n\t\t\t\t\t<\/div>\n\t\t\t\t<\/div>\n\t\t\t\t<\/div>\n\t\t\t\t<div class=\"elementor-element elementor-element-b44da3b elementor-widget elementor-widget-heading\" data-id=\"b44da3b\" data-element_type=\"widget\" data-widget_type=\"heading.default\">\n\t\t\t\t<div class=\"elementor-widget-container\">\n\t\t\t<h5 class=\"elementor-heading-title elementor-size-medium\">Documents<\/h5>\t\t<\/div>\n\t\t\t\t<\/div>\n\t\t\t\t<div class=\"elementor-element elementor-element-328f1da elementor-position-left elementor-vertical-align-middle elementor-view-default elementor-mobile-position-top elementor-widget elementor-widget-icon-box\" data-id=\"328f1da\" data-element_type=\"widget\" data-widget_type=\"icon-box.default\">\n\t\t\t\t<div class=\"elementor-widget-container\">\n\t\t\t\t\t<div class=\"elementor-icon-box-wrapper\">\n\t\t\t\t\t\t<div class=\"elementor-icon-box-icon\">\n\t\t\t\t<a href=\"https:\/\/llshs.univ-paris13.fr\/wp-content\/uploads\/DU_VIOLENCES_INTRAFAMILIALES.pdf\" target=\"_blank\" class=\"elementor-icon elementor-animation-\" tabindex=\"-1\">\n\t\t\t\t<i aria-hidden=\"true\" class=\"fas fa-chevron-right\"><\/i>\t\t\t\t<\/a>\n\t\t\t<\/div>\n\t\t\t\t\t\t<div class=\"elementor-icon-box-content\">\n\t\t\t\t<p class=\"elementor-icon-box-title\">\n\t\t\t\t\t<a href=\"https:\/\/llshs.univ-paris13.fr\/wp-content\/uploads\/DU_VIOLENCES_INTRAFAMILIALES.pdf\" target=\"_blank\" >\n\t\t\t\t\t\tPlaquette d'informations\t\t\t\t\t<\/a>\n\t\t\t\t<\/p>\n\t\t\t\t\t\t\t<\/div>\n\t\t<\/div>\n\t\t\t\t<\/div>\n\t\t\t\t<\/div>\n\t\t\t\t<div class=\"elementor-element elementor-element-c19754f elementor-position-left elementor-vertical-align-middle elementor-view-default elementor-mobile-position-top elementor-widget elementor-widget-icon-box\" data-id=\"c19754f\" data-element_type=\"widget\" data-widget_type=\"icon-box.default\">\n\t\t\t\t<div class=\"elementor-widget-container\">\n\t\t\t\t\t<div class=\"elementor-icon-box-wrapper\">\n\t\t\t\t\t\t<div class=\"elementor-icon-box-icon\">\n\t\t\t\t<a href=\"https:\/\/llshs.univ-paris13.fr\/wp-content\/uploads\/guide-stagiaire-FC.pdf\" target=\"_blank\" class=\"elementor-icon elementor-animation-\" tabindex=\"-1\">\n\t\t\t\t<i aria-hidden=\"true\" class=\"fas fa-chevron-right\"><\/i>\t\t\t\t<\/a>\n\t\t\t<\/div>\n\t\t\t\t\t\t<div class=\"elementor-icon-box-content\">\n\t\t\t\t<p class=\"elementor-icon-box-title\">\n\t\t\t\t\t<a href=\"https:\/\/llshs.univ-paris13.fr\/wp-content\/uploads\/guide-stagiaire-FC.pdf\" target=\"_blank\" >\n\t\t\t\t\t\tGuide du stagiaire\t\t\t\t\t<\/a>\n\t\t\t\t<\/p>\n\t\t\t\t\t\t\t<\/div>\n\t\t<\/div>\n\t\t\t\t<\/div>\n\t\t\t\t<\/div>\n\t\t\t\t<div class=\"elementor-element elementor-element-c442c84 elementor-widget elementor-widget-heading\" data-id=\"c442c84\" data-element_type=\"widget\" data-widget_type=\"heading.default\">\n\t\t\t\t<div class=\"elementor-widget-container\">\n\t\t\t<h5 class=\"elementor-heading-title elementor-size-medium\">Liens utiles<\/h5>\t\t<\/div>\n\t\t\t\t<\/div>\n\t\t\t\t<div class=\"elementor-element elementor-element-64af75e elementor-position-left elementor-vertical-align-middle elementor-view-default elementor-mobile-position-top elementor-widget elementor-widget-icon-box\" data-id=\"64af75e\" data-element_type=\"widget\" data-widget_type=\"icon-box.default\">\n\t\t\t\t<div class=\"elementor-widget-container\">\n\t\t\t\t\t<div class=\"elementor-icon-box-wrapper\">\n\t\t\t\t\t\t<div class=\"elementor-icon-box-icon\">\n\t\t\t\t<a href=\"https:\/\/www.univ-spn.fr\/wp-content\/uploads\/Reglement-interieur-Formation-Continue.pdf\" target=\"_blank\" class=\"elementor-icon elementor-animation-\" tabindex=\"-1\">\n\t\t\t\t<i aria-hidden=\"true\" class=\"fas fa-chevron-right\"><\/i>\t\t\t\t<\/a>\n\t\t\t<\/div>\n\t\t\t\t\t\t<div class=\"elementor-icon-box-content\">\n\t\t\t\t<p class=\"elementor-icon-box-title\">\n\t\t\t\t\t<a href=\"https:\/\/www.univ-spn.fr\/wp-content\/uploads\/Reglement-interieur-Formation-Continue.pdf\" target=\"_blank\" >\n\t\t\t\t\t\tR\u00e8glement int\u00e9rieur\t\t\t\t\t<\/a>\n\t\t\t\t<\/p>\n\t\t\t\t\t\t\t<\/div>\n\t\t<\/div>\n\t\t\t\t<\/div>\n\t\t\t\t<\/div>\n\t\t\t\t<div class=\"elementor-element elementor-element-c68774b elementor-position-left elementor-vertical-align-middle elementor-view-default elementor-mobile-position-top elementor-widget elementor-widget-icon-box\" data-id=\"c68774b\" data-element_type=\"widget\" data-widget_type=\"icon-box.default\">\n\t\t\t\t<div class=\"elementor-widget-container\">\n\t\t\t\t\t<div class=\"elementor-icon-box-wrapper\">\n\t\t\t\t\t\t<div class=\"elementor-icon-box-icon\">\n\t\t\t\t<a href=\"https:\/\/www.univ-spn.fr\/wp-content\/uploads\/CGV-Formation-Continue-Universite%CC%81-Paris-XIII-V5-vote%CC%81es.pdf\" target=\"_blank\" class=\"elementor-icon elementor-animation-\" tabindex=\"-1\">\n\t\t\t\t<i aria-hidden=\"true\" class=\"fas fa-chevron-right\"><\/i>\t\t\t\t<\/a>\n\t\t\t<\/div>\n\t\t\t\t\t\t<div class=\"elementor-icon-box-content\">\n\t\t\t\t<p class=\"elementor-icon-box-title\">\n\t\t\t\t\t<a href=\"https:\/\/www.univ-spn.fr\/wp-content\/uploads\/CGV-Formation-Continue-Universite%CC%81-Paris-XIII-V5-vote%CC%81es.pdf\" target=\"_blank\" >\n\t\t\t\t\t\tCGV\t\t\t\t\t<\/a>\n\t\t\t\t<\/p>\n\t\t\t\t\t\t\t<\/div>\n\t\t<\/div>\n\t\t\t\t<\/div>\n\t\t\t\t<\/div>\n\t\t\t\t<div class=\"elementor-element elementor-element-54bcbb8 elementor-position-left elementor-vertical-align-middle elementor-view-default elementor-mobile-position-top elementor-widget elementor-widget-icon-box\" data-id=\"54bcbb8\" data-element_type=\"widget\" data-widget_type=\"icon-box.default\">\n\t\t\t\t<div class=\"elementor-widget-container\">\n\t\t\t\t\t<div class=\"elementor-icon-box-wrapper\">\n\t\t\t\t\t\t<div class=\"elementor-icon-box-icon\">\n\t\t\t\t<a href=\"https:\/\/www.univ-spn.fr\/wp-content\/uploads\/De%CC%81liberation-et-Tarifs-FC.pdf\" target=\"_blank\" class=\"elementor-icon elementor-animation-\" tabindex=\"-1\">\n\t\t\t\t<i aria-hidden=\"true\" class=\"fas fa-chevron-right\"><\/i>\t\t\t\t<\/a>\n\t\t\t<\/div>\n\t\t\t\t\t\t<div class=\"elementor-icon-box-content\">\n\t\t\t\t<p class=\"elementor-icon-box-title\">\n\t\t\t\t\t<a href=\"https:\/\/www.univ-spn.fr\/wp-content\/uploads\/De%CC%81liberation-et-Tarifs-FC.pdf\" target=\"_blank\" >\n\t\t\t\t\t\tTarifs\t\t\t\t\t<\/a>\n\t\t\t\t<\/p>\n\t\t\t\t\t\t\t<\/div>\n\t\t<\/div>\n\t\t\t\t<\/div>\n\t\t\t\t<\/div>\n\t\t\t\t<div class=\"elementor-element elementor-element-eba5d18 elementor-position-left elementor-vertical-align-middle elementor-view-default elementor-mobile-position-top elementor-widget elementor-widget-icon-box\" data-id=\"eba5d18\" data-element_type=\"widget\" data-widget_type=\"icon-box.default\">\n\t\t\t\t<div class=\"elementor-widget-container\">\n\t\t\t\t\t<div class=\"elementor-icon-box-wrapper\">\n\t\t\t\t\t\t<div class=\"elementor-icon-box-icon\">\n\t\t\t\t<a href=\"https:\/\/www.univ-spn.fr\/wp-content\/uploads\/offre-de-formation-Sorbonne-Paris-Nord.pdf\" target=\"_blank\" class=\"elementor-icon elementor-animation-\" tabindex=\"-1\">\n\t\t\t\t<i aria-hidden=\"true\" class=\"fas fa-chevron-right\"><\/i>\t\t\t\t<\/a>\n\t\t\t<\/div>\n\t\t\t\t\t\t<div class=\"elementor-icon-box-content\">\n\t\t\t\t<p class=\"elementor-icon-box-title\">\n\t\t\t\t\t<a href=\"https:\/\/www.univ-spn.fr\/wp-content\/uploads\/offre-de-formation-Sorbonne-Paris-Nord.pdf\" target=\"_blank\" >\n\t\t\t\t\t\tOffre de formation\t\t\t\t\t<\/a>\n\t\t\t\t<\/p>\n\t\t\t\t\t\t\t<\/div>\n\t\t<\/div>\n\t\t\t\t<\/div>\n\t\t\t\t<\/div>\n\t\t\t\t<\/div>\n\t\t\t\t\t<\/div>\n\t\t\t\t<\/div>\n\t\t<div class=\"elementor-element elementor-element-a7d8a68 e-flex e-con-boxed e-con e-parent\" data-id=\"a7d8a68\" data-element_type=\"container\" data-settings=\"{&quot;content_width&quot;:&quot;boxed&quot;,&quot;_ha_eqh_enable&quot;:false}\" data-core-v316-plus=\"true\">\n\t\t\t\t\t<div class=\"e-con-inner\">\n\t\t<div class=\"elementor-element elementor-element-a5de244 e-flex e-con-boxed e-con e-child\" data-id=\"a5de244\" data-element_type=\"container\" data-settings=\"{&quot;content_width&quot;:&quot;boxed&quot;,&quot;_ha_eqh_enable&quot;:false}\">\n\t\t\t\t\t<div class=\"e-con-inner\">\n\t\t\t\t<div class=\"elementor-element elementor-element-f09710e elementor-widget elementor-widget-heading\" data-id=\"f09710e\" data-element_type=\"widget\" data-widget_type=\"heading.default\">\n\t\t\t\t<div class=\"elementor-widget-container\">\n\t\t\t<h2 class=\"elementor-heading-title elementor-size-default\">\u00c0 lire aussi<\/h2>\t\t<\/div>\n\t\t\t\t<\/div>\n\t\t<div class=\"elementor-element elementor-element-88d2820 e-flex e-con-boxed e-con e-child\" data-id=\"88d2820\" data-element_type=\"container\" data-settings=\"{&quot;content_width&quot;:&quot;boxed&quot;,&quot;_ha_eqh_enable&quot;:false}\">\n\t\t\t\t\t<div class=\"e-con-inner\">\n\t\t\t\t<div class=\"elementor-element elementor-element-14b9798 elementor-grid-eael-col-3 elementor-grid-tablet-eael-col-2 elementor-grid-mobile-eael-col-1 elementor-widget elementor-widget-eael-post-grid\" data-id=\"14b9798\" data-element_type=\"widget\" data-settings=\"{&quot;eael_post_grid_columns&quot;:&quot;eael-col-3&quot;,&quot;eael_post_grid_columns_tablet&quot;:&quot;eael-col-2&quot;,&quot;eael_post_grid_columns_mobile&quot;:&quot;eael-col-1&quot;}\" data-widget_type=\"eael-post-grid.default\">\n\t\t\t\t<div class=\"elementor-widget-container\">\n\t\t\t<div id=\"eael-post-grid-14b9798\" class=\"eael-post-grid-container\">\n            <div class=\"eael-post-grid eael-post-appender eael-post-appender-14b9798 eael-post-grid-style-one\" data-layout-mode=\"grid\"><article class=\"eael-grid-post eael-post-grid-column\" data-id=\"4730\">\n        <div class=\"eael-grid-post-holder\">\n            <div class=\"eael-grid-post-holder-inner\"><div class=\"eael-entry-media\"><div class=\"eael-entry-overlay none\"><i class=\"\" aria-hidden=\"true\"><\/i><a href=\"https:\/\/www.univ-spn.fr\/etudiants-en-situation-de-handicap\/\"><\/a><\/div><div class=\"eael-entry-thumbnail\">\n                <img fetchpriority=\"high\" decoding=\"async\" width=\"1189\" height=\"669\" src=\"https:\/\/llshs.univ-paris13.fr\/wp-content\/uploads\/vignette-etudes-handicap.jpeg\" class=\"attachment-medium size-medium wp-image-13485\" alt=\"\" srcset=\"https:\/\/llshs.univ-paris13.fr\/wp-content\/uploads\/vignette-etudes-handicap.jpeg 1189w, https:\/\/llshs.univ-paris13.fr\/wp-content\/uploads\/vignette-etudes-handicap-18x10.jpeg 18w\" sizes=\"(max-width: 1189px) 100vw, 1189px\" \/>\n            <\/div>\n        <\/div><div class=\"eael-entry-wrapper\"><header class=\"eael-entry-header\"><h2 class=\"eael-entry-title\"><a\n                        class=\"eael-grid-post-link\"\n                        href=\"https:\/\/www.univ-spn.fr\/etudiants-en-situation-de-handicap\/\"\n                        title=\"La formation et le handicap\">La formation et le handicap<\/a><\/h2><\/header><\/div><\/div>\n        <\/div>\n    <\/article><article class=\"eael-grid-post eael-post-grid-column\" data-id=\"13486\">\n        <div class=\"eael-grid-post-holder\">\n            <div class=\"eael-grid-post-holder-inner\"><div class=\"eael-entry-media\"><div class=\"eael-entry-overlay none\"><i class=\"\" aria-hidden=\"true\"><\/i><a href=\"https:\/\/www.univ-spn.fr\/reprise-detudes\/\"><\/a><\/div><div class=\"eael-entry-thumbnail\">\n                <img decoding=\"async\" width=\"1189\" height=\"669\" src=\"https:\/\/llshs.univ-paris13.fr\/wp-content\/uploads\/vignette-reprise-etudes.jpeg\" class=\"attachment-medium size-medium wp-image-13487\" alt=\"\" srcset=\"https:\/\/llshs.univ-paris13.fr\/wp-content\/uploads\/vignette-reprise-etudes.jpeg 1189w, https:\/\/llshs.univ-paris13.fr\/wp-content\/uploads\/vignette-reprise-etudes-18x10.jpeg 18w\" sizes=\"(max-width: 1189px) 100vw, 1189px\" \/>\n            <\/div>\n        <\/div><div class=\"eael-entry-wrapper\"><header class=\"eael-entry-header\"><h2 class=\"eael-entry-title\"><a\n                        class=\"eael-grid-post-link\"\n                        href=\"https:\/\/www.univ-spn.fr\/reprise-detudes\/\"\n                        title=\"La reprise d&rsquo;\u00e9tudes\">La reprise d&rsquo;\u00e9tudes<\/a><\/h2><\/header><\/div><\/div>\n        <\/div>\n    <\/article><article class=\"eael-grid-post eael-post-grid-column\" data-id=\"13488\">\n        <div class=\"eael-grid-post-holder\">\n            <div class=\"eael-grid-post-holder-inner\"><div class=\"eael-entry-media\"><div class=\"eael-entry-overlay none\"><i class=\"\" aria-hidden=\"true\"><\/i><a href=\"https:\/\/www.univ-spn.fr\/validation-des-acquis\/\"><\/a><\/div><div class=\"eael-entry-thumbnail\">\n                <img decoding=\"async\" width=\"1189\" height=\"669\" src=\"https:\/\/llshs.univ-paris13.fr\/wp-content\/uploads\/vignette-validation-acquis.jpeg\" class=\"attachment-medium size-medium wp-image-13489\" alt=\"\" srcset=\"https:\/\/llshs.univ-paris13.fr\/wp-content\/uploads\/vignette-validation-acquis.jpeg 1189w, https:\/\/llshs.univ-paris13.fr\/wp-content\/uploads\/vignette-validation-acquis-18x10.jpeg 18w\" sizes=\"(max-width: 1189px) 100vw, 1189px\" \/>\n            <\/div>\n        <\/div><div class=\"eael-entry-wrapper\"><header class=\"eael-entry-header\"><h2 class=\"eael-entry-title\"><a\n                        class=\"eael-grid-post-link\"\n                        href=\"https:\/\/www.univ-spn.fr\/validation-des-acquis\/\"\n                        title=\"La validation des acquis\">La validation des acquis<\/a><\/h2><\/header><\/div><\/div>\n        <\/div>\n    <\/article><\/div>\n            <div class=\"clearfix\"><\/div>\n        <\/div>\t\t<\/div>\n\t\t\t\t<\/div>\n\t\t\t\t\t<\/div>\n\t\t\t\t<\/div>\n\t\t\t\t\t<\/div>\n\t\t\t\t<\/div>\n\t\t\t\t\t<\/div>\n\t\t\t\t<\/div>\n\t\t\t\t\t\t\t<\/div>","protected":false},"excerpt":{"rendered":"<p>DU Violences intrafamiliales : soin, justice, \u00e9ducation Dipl\u00f4me universitaire (DU) La formation propos\u00e9e dans le cadre du D.U Violences intrafamiliales est une cr\u00e9ation sp\u00e9cifique \u00e0 l\u2019universit\u00e9 Sorbonne Paris Nord et tr\u00e8s novatrice. R\u00e9sum\u00e9 de la formation \u25ba R\u00e9f\u00e9rentiel RNCP : NC\u25ba R\u00e9gime(s) d\u2019\u00e9tudes : Formation continue\u25ba Modalit\u00e9 d&rsquo;enseignement : Pr\u00e9sentiel\u25ba Lieu d&rsquo;enseignement : Campus condorcet [&hellip;]<\/p>","protected":false},"author":3,"featured_media":12978,"parent":9366,"menu_order":0,"comment_status":"closed","ping_status":"closed","template":"elementor_header_footer","meta":{"site-sidebar-layout":"default","site-content-layout":"default","ast-site-content-layout":"","site-content-style":"default","site-sidebar-style":"default","ast-global-header-display":"","ast-banner-title-visibility":"","ast-main-header-display":"","ast-hfb-above-header-display":"","ast-hfb-below-header-display":"","ast-hfb-mobile-header-display":"","site-post-title":"","ast-breadcrumbs-content":"","ast-featured-img":"disabled","footer-sml-layout":"","theme-transparent-header-meta":"default","adv-header-id-meta":"","stick-header-meta":"","header-above-stick-meta":"","header-main-stick-meta":"","header-below-stick-meta":"","astra-migrate-meta-layouts":"default","ast-page-background-enabled":"default","ast-page-background-meta":{"desktop":{"background-color":"","background-image":"","background-repeat":"repeat","background-position":"center center","background-size":"auto","background-attachment":"scroll","background-type":"","background-media":"","overlay-type":"","overlay-color":"","overlay-opacity":"","overlay-gradient":""},"tablet":{"background-color":"","background-image":"","background-repeat":"repeat","background-position":"center center","background-size":"auto","background-attachment":"scroll","background-type":"","background-media":"","overlay-type":"","overlay-color":"","overlay-opacity":"","overlay-gradient":""},"mobile":{"background-color":"","background-image":"","background-repeat":"repeat","background-position":"center center","background-size":"auto","background-attachment":"scroll","background-type":"","background-media":"","overlay-type":"","overlay-color":"","overlay-opacity":"","overlay-gradient":""}},"ast-content-background-meta":{"desktop":{"background-color":"var(--ast-global-color-5)","background-image":"","background-repeat":"repeat","background-position":"center center","background-size":"auto","background-attachment":"scroll","background-type":"","background-media":"","overlay-type":"","overlay-color":"","overlay-opacity":"","overlay-gradient":""},"tablet":{"background-color":"var(--ast-global-color-5)","background-image":"","background-repeat":"repeat","background-position":"center center","background-size":"auto","background-attachment":"scroll","background-type":"","background-media":"","overlay-type":"","overlay-color":"","overlay-opacity":"","overlay-gradient":""},"mobile":{"background-color":"var(--ast-global-color-5)","background-image":"","background-repeat":"repeat","background-position":"center center","background-size":"auto","background-attachment":"scroll","background-type":"","background-media":"","overlay-type":"","overlay-color":"","overlay-opacity":"","overlay-gradient":""}},"footnotes":"","_links_to":"","_links_to_target":""},"categories":[1098,1166],"tags":[1318,1024,943,961,1319,1320,1317],"yoast_head":"<!-- This site is optimized with the Yoast SEO plugin v23.9 - https:\/\/yoast.com\/wordpress\/plugins\/seo\/ -->\n<title>DU Violences intrafamiliales<\/title>\n<meta name=\"description\" content=\"Ce DU permet aux professionnels du m\u00e9dico-social et du social d\u2019acqu\u00e9rir des comp\u00e9tences pour associer l\u2019animal \u00e0 leurs activit\u00e9s professionnelles.\" \/>\n<meta name=\"robots\" content=\"index, follow, max-snippet:-1, max-image-preview:large, max-video-preview:-1\" \/>\n<link rel=\"canonical\" href=\"https:\/\/llshs.univ-paris13.fr\/en\/formation-continue\/formations-diplomantes\/du-violences-intrafamiliales\/\" \/>\n<meta property=\"og:locale\" content=\"en_GB\" \/>\n<meta property=\"og:type\" content=\"article\" \/>\n<meta property=\"og:title\" content=\"DU Violences intrafamiliales\" \/>\n<meta property=\"og:description\" content=\"Ce DU permet aux professionnels du m\u00e9dico-social et du social d\u2019acqu\u00e9rir des comp\u00e9tences pour associer l\u2019animal \u00e0 leurs activit\u00e9s professionnelles.\" \/>\n<meta property=\"og:url\" content=\"https:\/\/llshs.univ-paris13.fr\/en\/formation-continue\/formations-diplomantes\/du-violences-intrafamiliales\/\" \/>\n<meta property=\"og:site_name\" content=\"UFR LLSHS\" \/>\n<meta property=\"article:modified_time\" content=\"2025-12-01T16:02:13+00:00\" \/>\n<meta property=\"og:image\" content=\"https:\/\/llshs.univ-paris13.fr\/wp-content\/uploads\/vignette-du-violences-intrafamiliales.jpeg\" \/>\n\t<meta property=\"og:image:width\" content=\"1200\" \/>\n\t<meta property=\"og:image:height\" content=\"670\" \/>\n\t<meta property=\"og:image:type\" content=\"image\/jpeg\" \/>\n<meta name=\"twitter:card\" content=\"summary_large_image\" \/>\n<meta name=\"twitter:label1\" content=\"Estimated reading time\" \/>\n\t<meta name=\"twitter:data1\" content=\"4 minutes\" \/>\n<script type=\"application\/ld+json\" class=\"yoast-schema-graph\">{\"@context\":\"https:\/\/schema.org\",\"@graph\":[{\"@type\":\"WebPage\",\"@id\":\"https:\/\/llshs.univ-paris13.fr\/formation-continue\/formations-diplomantes\/du-violences-intrafamiliales\/\",\"url\":\"https:\/\/llshs.univ-paris13.fr\/formation-continue\/formations-diplomantes\/du-violences-intrafamiliales\/\",\"name\":\"DU Violences intrafamiliales\",\"isPartOf\":{\"@id\":\"https:\/\/llshs.univ-paris13.fr\/#website\"},\"primaryImageOfPage\":{\"@id\":\"https:\/\/llshs.univ-paris13.fr\/formation-continue\/formations-diplomantes\/du-violences-intrafamiliales\/#primaryimage\"},\"image\":{\"@id\":\"https:\/\/llshs.univ-paris13.fr\/formation-continue\/formations-diplomantes\/du-violences-intrafamiliales\/#primaryimage\"},\"thumbnailUrl\":\"https:\/\/llshs.univ-paris13.fr\/wp-content\/uploads\/vignette-du-violences-intrafamiliales.jpeg\",\"datePublished\":\"2023-10-05T13:45:05+00:00\",\"dateModified\":\"2025-12-01T16:02:13+00:00\",\"description\":\"Ce DU permet aux professionnels du m\u00e9dico-social et du social d\u2019acqu\u00e9rir des comp\u00e9tences pour associer l\u2019animal \u00e0 leurs activit\u00e9s professionnelles.\",\"breadcrumb\":{\"@id\":\"https:\/\/llshs.univ-paris13.fr\/formation-continue\/formations-diplomantes\/du-violences-intrafamiliales\/#breadcrumb\"},\"inLanguage\":\"en-GB\",\"potentialAction\":[{\"@type\":\"ReadAction\",\"target\":[\"https:\/\/llshs.univ-paris13.fr\/formation-continue\/formations-diplomantes\/du-violences-intrafamiliales\/\"]}]},{\"@type\":\"ImageObject\",\"inLanguage\":\"en-GB\",\"@id\":\"https:\/\/llshs.univ-paris13.fr\/formation-continue\/formations-diplomantes\/du-violences-intrafamiliales\/#primaryimage\",\"url\":\"https:\/\/llshs.univ-paris13.fr\/wp-content\/uploads\/vignette-du-violences-intrafamiliales.jpeg\",\"contentUrl\":\"https:\/\/llshs.univ-paris13.fr\/wp-content\/uploads\/vignette-du-violences-intrafamiliales.jpeg\",\"width\":1200,\"height\":670,\"caption\":\"DU Violences intrafamiliales : soin, justice, \u00e9ducation\"},{\"@type\":\"BreadcrumbList\",\"@id\":\"https:\/\/llshs.univ-paris13.fr\/formation-continue\/formations-diplomantes\/du-violences-intrafamiliales\/#breadcrumb\",\"itemListElement\":[{\"@type\":\"ListItem\",\"position\":1,\"name\":\"Accueil\",\"item\":\"https:\/\/llshs.univ-paris13.fr\/\"},{\"@type\":\"ListItem\",\"position\":2,\"name\":\"Formation continue\",\"item\":\"https:\/\/llshs.univ-paris13.fr\/formation-continue\/\"},{\"@type\":\"ListItem\",\"position\":3,\"name\":\"Formations dipl\u00f4mantes\",\"item\":\"https:\/\/llshs.univ-paris13.fr\/formation-continue\/formations-diplomantes\/\"},{\"@type\":\"ListItem\",\"position\":4,\"name\":\"DU Violences intrafamiliales : soin, justice, \u00e9ducation\"}]},{\"@type\":\"WebSite\",\"@id\":\"https:\/\/llshs.univ-paris13.fr\/#website\",\"url\":\"https:\/\/llshs.univ-paris13.fr\/\",\"name\":\"UFR LLSHS\",\"description\":\"UFR LLSHS - Universit\u00e9 Sorbonne Paris Nord\",\"publisher\":{\"@id\":\"https:\/\/llshs.univ-paris13.fr\/#organization\"},\"potentialAction\":[{\"@type\":\"SearchAction\",\"target\":{\"@type\":\"EntryPoint\",\"urlTemplate\":\"https:\/\/llshs.univ-paris13.fr\/?s={search_term_string}\"},\"query-input\":{\"@type\":\"PropertyValueSpecification\",\"valueRequired\":true,\"valueName\":\"search_term_string\"}}],\"inLanguage\":\"en-GB\"},{\"@type\":\"Organization\",\"@id\":\"https:\/\/llshs.univ-paris13.fr\/#organization\",\"name\":\"UFR LLSHS - Universit\u00e9 Sorbonne Paris Nord\",\"url\":\"https:\/\/llshs.univ-paris13.fr\/\",\"logo\":{\"@type\":\"ImageObject\",\"inLanguage\":\"en-GB\",\"@id\":\"https:\/\/llshs.univ-paris13.fr\/#\/schema\/logo\/image\/\",\"url\":\"\",\"contentUrl\":\"\",\"caption\":\"UFR LLSHS - Universit\u00e9 Sorbonne Paris Nord\"},\"image\":{\"@id\":\"https:\/\/llshs.univ-paris13.fr\/#\/schema\/logo\/image\/\"}}]}<\/script>\n<!-- \/ Yoast SEO plugin. -->","yoast_head_json":{"title":"DU Violences intrafamiliales","description":"Ce DU permet aux professionnels du m\u00e9dico-social et du social d\u2019acqu\u00e9rir des comp\u00e9tences pour associer l\u2019animal \u00e0 leurs activit\u00e9s professionnelles.","robots":{"index":"index","follow":"follow","max-snippet":"max-snippet:-1","max-image-preview":"max-image-preview:large","max-video-preview":"max-video-preview:-1"},"canonical":"https:\/\/llshs.univ-paris13.fr\/en\/formation-continue\/formations-diplomantes\/du-violences-intrafamiliales\/","og_locale":"en_GB","og_type":"article","og_title":"DU Violences intrafamiliales","og_description":"Ce DU permet aux professionnels du m\u00e9dico-social et du social d\u2019acqu\u00e9rir des comp\u00e9tences pour associer l\u2019animal \u00e0 leurs activit\u00e9s professionnelles.","og_url":"https:\/\/llshs.univ-paris13.fr\/en\/formation-continue\/formations-diplomantes\/du-violences-intrafamiliales\/","og_site_name":"UFR LLSHS","article_modified_time":"2025-12-01T16:02:13+00:00","og_image":[{"width":1200,"height":670,"url":"https:\/\/llshs.univ-paris13.fr\/wp-content\/uploads\/vignette-du-violences-intrafamiliales.jpeg","type":"image\/jpeg"}],"twitter_card":"summary_large_image","twitter_misc":{"Estimated reading time":"4 minutes"},"schema":{"@context":"https:\/\/schema.org","@graph":[{"@type":"WebPage","@id":"https:\/\/llshs.univ-paris13.fr\/formation-continue\/formations-diplomantes\/du-violences-intrafamiliales\/","url":"https:\/\/llshs.univ-paris13.fr\/formation-continue\/formations-diplomantes\/du-violences-intrafamiliales\/","name":"DU Violences intrafamiliales","isPartOf":{"@id":"https:\/\/llshs.univ-paris13.fr\/#website"},"primaryImageOfPage":{"@id":"https:\/\/llshs.univ-paris13.fr\/formation-continue\/formations-diplomantes\/du-violences-intrafamiliales\/#primaryimage"},"image":{"@id":"https:\/\/llshs.univ-paris13.fr\/formation-continue\/formations-diplomantes\/du-violences-intrafamiliales\/#primaryimage"},"thumbnailUrl":"https:\/\/llshs.univ-paris13.fr\/wp-content\/uploads\/vignette-du-violences-intrafamiliales.jpeg","datePublished":"2023-10-05T13:45:05+00:00","dateModified":"2025-12-01T16:02:13+00:00","description":"Ce DU permet aux professionnels du m\u00e9dico-social et du social d\u2019acqu\u00e9rir des comp\u00e9tences pour associer l\u2019animal \u00e0 leurs activit\u00e9s professionnelles.","breadcrumb":{"@id":"https:\/\/llshs.univ-paris13.fr\/formation-continue\/formations-diplomantes\/du-violences-intrafamiliales\/#breadcrumb"},"inLanguage":"en-GB","potentialAction":[{"@type":"ReadAction","target":["https:\/\/llshs.univ-paris13.fr\/formation-continue\/formations-diplomantes\/du-violences-intrafamiliales\/"]}]},{"@type":"ImageObject","inLanguage":"en-GB","@id":"https:\/\/llshs.univ-paris13.fr\/formation-continue\/formations-diplomantes\/du-violences-intrafamiliales\/#primaryimage","url":"https:\/\/llshs.univ-paris13.fr\/wp-content\/uploads\/vignette-du-violences-intrafamiliales.jpeg","contentUrl":"https:\/\/llshs.univ-paris13.fr\/wp-content\/uploads\/vignette-du-violences-intrafamiliales.jpeg","width":1200,"height":670,"caption":"DU Violences intrafamiliales : soin, justice, \u00e9ducation"},{"@type":"BreadcrumbList","@id":"https:\/\/llshs.univ-paris13.fr\/formation-continue\/formations-diplomantes\/du-violences-intrafamiliales\/#breadcrumb","itemListElement":[{"@type":"ListItem","position":1,"name":"Accueil","item":"https:\/\/llshs.univ-paris13.fr\/"},{"@type":"ListItem","position":2,"name":"Formation continue","item":"https:\/\/llshs.univ-paris13.fr\/formation-continue\/"},{"@type":"ListItem","position":3,"name":"Formations dipl\u00f4mantes","item":"https:\/\/llshs.univ-paris13.fr\/formation-continue\/formations-diplomantes\/"},{"@type":"ListItem","position":4,"name":"DU Violences intrafamiliales : soin, justice, \u00e9ducation"}]},{"@type":"WebSite","@id":"https:\/\/llshs.univ-paris13.fr\/#website","url":"https:\/\/llshs.univ-paris13.fr\/","name":"UFR LLSHS","description":"UFR LLSHS - Universit\u00e9 Sorbonne Paris Nord","publisher":{"@id":"https:\/\/llshs.univ-paris13.fr\/#organization"},"potentialAction":[{"@type":"SearchAction","target":{"@type":"EntryPoint","urlTemplate":"https:\/\/llshs.univ-paris13.fr\/?s={search_term_string}"},"query-input":{"@type":"PropertyValueSpecification","valueRequired":true,"valueName":"search_term_string"}}],"inLanguage":"en-GB"},{"@type":"Organization","@id":"https:\/\/llshs.univ-paris13.fr\/#organization","name":"UFR LLSHS - Universit\u00e9 Sorbonne Paris Nord","url":"https:\/\/llshs.univ-paris13.fr\/","logo":{"@type":"ImageObject","inLanguage":"en-GB","@id":"https:\/\/llshs.univ-paris13.fr\/#\/schema\/logo\/image\/","url":"","contentUrl":"","caption":"UFR LLSHS - Universit\u00e9 Sorbonne Paris Nord"},"image":{"@id":"https:\/\/llshs.univ-paris13.fr\/#\/schema\/logo\/image\/"}}]}},"_links":{"self":[{"href":"https:\/\/llshs.univ-paris13.fr\/en\/wp-json\/wp\/v2\/pages\/12976"}],"collection":[{"href":"https:\/\/llshs.univ-paris13.fr\/en\/wp-json\/wp\/v2\/pages"}],"about":[{"href":"https:\/\/llshs.univ-paris13.fr\/en\/wp-json\/wp\/v2\/types\/page"}],"author":[{"embeddable":true,"href":"https:\/\/llshs.univ-paris13.fr\/en\/wp-json\/wp\/v2\/users\/3"}],"replies":[{"embeddable":true,"href":"https:\/\/llshs.univ-paris13.fr\/en\/wp-json\/wp\/v2\/comments?post=12976"}],"version-history":[{"count":0,"href":"https:\/\/llshs.univ-paris13.fr\/en\/wp-json\/wp\/v2\/pages\/12976\/revisions"}],"up":[{"embeddable":true,"href":"https:\/\/llshs.univ-paris13.fr\/en\/wp-json\/wp\/v2\/pages\/9366"}],"wp:featuredmedia":[{"embeddable":true,"href":"https:\/\/llshs.univ-paris13.fr\/en\/wp-json\/wp\/v2\/media\/12978"}],"wp:attachment":[{"href":"https:\/\/llshs.univ-paris13.fr\/en\/wp-json\/wp\/v2\/media?parent=12976"}],"wp:term":[{"taxonomy":"category","embeddable":true,"href":"https:\/\/llshs.univ-paris13.fr\/en\/wp-json\/wp\/v2\/categories?post=12976"},{"taxonomy":"post_tag","embeddable":true,"href":"https:\/\/llshs.univ-paris13.fr\/en\/wp-json\/wp\/v2\/tags?post=12976"}],"curies":[{"name":"wp","href":"https:\/\/api.w.org\/{rel}","templated":true}]}}